{"id":1869,"date":"2014-01-07T01:48:07","date_gmt":"2014-01-07T01:48:07","guid":{"rendered":"http:\/\/www.lydieshouse.com\/?page_id=1869"},"modified":"2015-03-21T02:31:16","modified_gmt":"2015-03-21T02:31:16","slug":"september","status":"publish","type":"page","link":"https:\/\/www.lydieshouse.com\/fr\/visit-provence\/events-calendar\/september\/","title":{"rendered":"Septembre"},"content":{"rendered":"<p><strong>FERIA DU RIZ, \u00a0Arles \u00a0 \u00a0<\/strong>11 &#8211; 13 Septembre 2015 (\u00a0<a href=\"http:\/\/www.arenes-arles.com\/programmes\/programmes.html\" target=\"_blank\">http:\/\/www.arenes-arles.com\/programmes\/programmes.html<\/a>)<\/p>\n<p><strong><strong>FERIA DES VENDANGES, Nimes<strong>\u00a0\u00a0<\/strong><\/strong><\/strong>\u00a018 &#8211; 20 Septembre 2015<\/p>\n<p><strong>LES RENCONTRES ARLES PHOTOGRAPHIE, Arles<\/strong>\u00a0 \u00a0 6 Juillet- 20 Septembre 2015 (<a href=\"http:\/\/www.rencontres-arles.com\/A11\/C.aspx?VP3=CMS3&#038;VF=ARL_782_VForm&#038;LANGSWI=1&#038;LANG=French\" target=\"_blank\">http:\/\/www.rencontres-arles.com\/A11\/C.aspx?VP3=CMS3&#038;VF=ARL_782_VForm&#038;LANGSWI=1&#038;LANG=French<\/a>)<\/p>\n<p><strong>CHEVAL EN F\u00caTE<\/strong>, <strong>Barbentane<\/strong>, 6 Septembre 2015 (sous r\u00e9serve de confirmation)<\/p>\n<p><strong>JOURNEES DE PATRIMOINE<\/strong>, 19 &#8211; 20 Septembre 2015<\/p>\n<p><strong>CARRIERE DE LUMIERE, Michel-Ange, Leonard de Vinci, Raphael, Les\u00a0G\u00e9ants\u00a0de la Renaissance. Les Baux\u00a0de Provence,\u00a0<\/strong>\u00a06 Mars 2015 &#8211; 3 Janvier 2016 \u00a0(<a href=\"http:\/\/michelange-leonard-raphael.com\/fr\/home-michelange-leonard-raphael-fr\" target=\"_blank\">http:\/\/michelange-leonard-raphael.com\/fr\/home-michelange-leonard-raphael-fr<\/a>)<\/p>\n<p><strong>CARRIERE DE LUMIERE, Le Voyage Imaginaire, Hommage a Jules Verne. Les Baux de Provence,\u00a0<\/strong>\u00a06 Mars 2015 &#8211; 3 Janvier 2016 \u00a0(<a href=\"http:\/\/www.carrieres-lumieres.com\/fr\/evenements\/voyage-imaginaire\" target=\"_blank\">http:\/\/www.carrieres-lumieres.com\/fr\/evenements\/voyage-imaginaire<\/a>)<\/p>\n<p><strong style=\"line-height: 1.5em;\"><strong>MARCHE\u00a0PROVEN\u00c7AL<\/strong>, \u00a0Saint\u00a0R\u00e9my\u00a0de Provence<\/strong><span style=\"line-height: 1.5em;\">, toute l&rsquo;ann\u00e9e, le mercredi matin\u00a0: un joli march\u00e9 proven\u00e7al, dans les rues : olives, fromages, fruits et l\u00e9gumes, saucissons, artisanats, v\u00eatements, etc.<\/span><\/p>\n<p><strong>MARCHE\u00a0PROVEN\u00c7AL, \u00a0Isle sur la Sorgue<\/strong>, toute l&rsquo;ann\u00e9e, le dimanche matin:\u00a0Le march\u00e9 Proven\u00e7al par excellence, dans la plupart des rues : olives, fromages, fruits et l\u00e9gumes, saucissons, artisanats, v\u00eatements, etc.<\/p>\n<p><strong>MARCHE AGRICOLE DE VELLERON<\/strong>, Velleron, tous les jours sauf le dimanche \u00e0 partir de 18h00 : \u00a0La meilleure production locale mara\u00eech\u00e8re et artisanale, pour les fin gourmets, directement du producteur au consommateur.\u00a0Le march\u00e9 agricole de Velleron est reconnu par le Conseil National des Arts Culinaires.<\/p>","protected":false},"excerpt":{"rendered":"<p>FERIA DU RIZ, \u00a0Arles \u00a0 \u00a011 &#8211; 13 Septembre 2015 (\u00a0http:\/\/www.arenes-arles.com\/programmes\/programmes.html) FERIA DES VENDANGES, Nimes\u00a0\u00a0\u00a018 &#8211; 20 Septembre 2015 LES RENCONTRES ARLES PHOTOGRAPHIE, Arles\u00a0 \u00a0 6 Juillet- 20 Septembre 2015 (http:\/\/www.rencontres-arles.com\/A11\/C.aspx?VP3=CMS3&#038;VF=ARL_782_VForm&#038;LANGSWI=1&#038;LANG=French) CHEVAL EN F\u00caTE, Barbentane, 6 Septembre 2015 (sous r\u00e9serve &hellip; <a href=\"https:\/\/www.lydieshouse.com\/fr\/visit-provence\/events-calendar\/september\/\">Continue reading <span class=\"meta-nav\">&rarr;<\/span><\/a><\/p>\n","protected":false},"author":1,"featured_media":0,"parent":634,"menu_order":45,"comment_status":"closed","ping_status":"closed","template":"template-fullwidth.php","meta":{"footnotes":""},"_links":{"self":[{"href":"https:\/\/www.lydieshouse.com\/fr\/wp-json\/wp\/v2\/pages\/1869"}],"collection":[{"href":"https:\/\/www.lydieshouse.com\/fr\/wp-json\/wp\/v2\/pages"}],"about":[{"href":"https:\/\/www.lydieshouse.com\/fr\/wp-json\/wp\/v2\/types\/page"}],"author":[{"embeddable":true,"href":"https:\/\/www.lydieshouse.com\/fr\/wp-json\/wp\/v2\/users\/1"}],"replies":[{"embeddable":true,"href":"https:\/\/www.lydieshouse.com\/fr\/wp-json\/wp\/v2\/comments?post=1869"}],"version-history":[{"count":23,"href":"https:\/\/www.lydieshouse.com\/fr\/wp-json\/wp\/v2\/pages\/1869\/revisions"}],"predecessor-version":[{"id":2702,"href":"https:\/\/www.lydieshouse.com\/fr\/wp-json\/wp\/v2\/pages\/1869\/revisions\/2702"}],"up":[{"embeddable":true,"href":"https:\/\/www.lydieshouse.com\/fr\/wp-json\/wp\/v2\/pages\/634"}],"wp:attachment":[{"href":"https:\/\/www.lydieshouse.com\/fr\/wp-json\/wp\/v2\/media?parent=1869"}],"curies":[{"name":"wp","href":"https:\/\/api.w.org\/{rel}","templated":true}]}}