{"id":481,"date":"2012-06-28T00:43:10","date_gmt":"2012-06-28T00:43:10","guid":{"rendered":"http:\/\/www.lydieshouse.com\/?page_id=481"},"modified":"2013-01-16T02:58:05","modified_gmt":"2013-01-16T02:58:05","slug":"the-house","status":"publish","type":"page","link":"https:\/\/www.lydieshouse.com\/fr\/the-house\/","title":{"rendered":"La Maison"},"content":{"rendered":"<p><a href=\"https:\/\/www.lydieshouse.com\/wp-content\/uploads\/2012\/06\/Photo.jpg\"><img loading=\"lazy\" decoding=\"async\" src=\"https:\/\/www.lydieshouse.com\/wp-content\/uploads\/2012\/06\/Photo.jpg\" alt=\"\" title=\"Photo\" width=\"200\" height=\"200\" class=\"alignleft size-full wp-image-1195\" srcset=\"https:\/\/www.lydieshouse.com\/wp-content\/uploads\/2012\/06\/Photo.jpg 200w, https:\/\/www.lydieshouse.com\/wp-content\/uploads\/2012\/06\/Photo-150x150.jpg 150w\" sizes=\"(max-width: 200px) 100vw, 200px\" \/><\/a><\/p>\n<p>Je voudrais partager avec vous une partie de mon histoire, celle de ma famille et de cette maison et comment elle est ici aujourd\u2019hui.<br \/>\nMon p\u00e8re a grandi dans une vieille maison dans le centre du village de Barbentane. En 1969 il d\u00e9cida d\u2019acheter un terrain en dehors du village. Ce terrain \u00e9tait alors appel\u00e9  par les villageois \u201cLes petits Pins\u201d. Travaillant dans le b\u00e2timent mon p\u00e8re voulait construire lui-m\u00eame sa maison. Au bout de deux ann\u00e9es de travail pendant les vacances, les soir\u00e9es, les weekends et avec les conseils et l\u2019aide de quelques coll\u00e8gues, la maison \u00e9tait construite.<br \/>\nAu d\u00e9but des ann\u00e9es 2000, alors que je travaille pour une soci\u00e9t\u00e9 de conseil informatique, je d\u00e9cide de r\u00e9aliser un projet personnel : transformer cette maison de campagne familiale en une r\u00e9sidence de vacances pour moi-m\u00eame et pour mes invit\u00e9s tout au long de l\u2019ann\u00e9e.<br \/>\nAu bout de cinq ann\u00e9es de travail pendant les vacances, certains weekends et avec les conseils et l\u2019aide de mon p\u00e8re et de ma m\u00e8re, la r\u00e9sidence de vacances \u00e9tait achev\u00e9e.<br \/>\nLa Villa et le Jardin ont \u00e9t\u00e9 r\u00e9nov\u00e9s et am\u00e9lior\u00e9s de fa\u00e7on \u00e0 conserver l\u2019aspect naturel de la Montagnette et de la Provence tout en \u00e9tant confortables, faciles \u00e0 vivre, spacieux et s\u00e9curis\u00e9s.<br \/>\nBienvenue et Profitez de votre s\u00e9jour dans votre r\u00e9sidence de vacances en Provence.<\/p>","protected":false},"excerpt":{"rendered":"<p>Je voudrais partager avec vous une partie de mon histoire, celle de ma famille et de cette maison et comment elle est ici aujourd\u2019hui. Mon p\u00e8re a grandi dans une vieille maison dans le centre du village de Barbentane. En &hellip; <a href=\"https:\/\/www.lydieshouse.com\/fr\/the-house\/\">Continue reading <span class=\"meta-nav\">&rarr;<\/span><\/a><\/p>\n","protected":false},"author":1,"featured_media":0,"parent":0,"menu_order":0,"comment_status":"closed","ping_status":"closed","template":"template-fullwidth.php","meta":{"footnotes":""},"_links":{"self":[{"href":"https:\/\/www.lydieshouse.com\/fr\/wp-json\/wp\/v2\/pages\/481"}],"collection":[{"href":"https:\/\/www.lydieshouse.com\/fr\/wp-json\/wp\/v2\/pages"}],"about":[{"href":"https:\/\/www.lydieshouse.com\/fr\/wp-json\/wp\/v2\/types\/page"}],"author":[{"embeddable":true,"href":"https:\/\/www.lydieshouse.com\/fr\/wp-json\/wp\/v2\/users\/1"}],"replies":[{"embeddable":true,"href":"https:\/\/www.lydieshouse.com\/fr\/wp-json\/wp\/v2\/comments?post=481"}],"version-history":[{"count":6,"href":"https:\/\/www.lydieshouse.com\/fr\/wp-json\/wp\/v2\/pages\/481\/revisions"}],"predecessor-version":[{"id":1194,"href":"https:\/\/www.lydieshouse.com\/fr\/wp-json\/wp\/v2\/pages\/481\/revisions\/1194"}],"wp:attachment":[{"href":"https:\/\/www.lydieshouse.com\/fr\/wp-json\/wp\/v2\/media?parent=481"}],"curies":[{"name":"wp","href":"https:\/\/api.w.org\/{rel}","templated":true}]}}